{"id":3985,"date":"2025-08-11T14:55:20","date_gmt":"2025-08-11T14:55:20","guid":{"rendered":"https:\/\/www.l\u00f6wenstarkdurchsleben.at\/?page_id=3985"},"modified":"2026-01-06T12:17:11","modified_gmt":"2026-01-06T12:17:11","slug":"magische-seelenentdecker-kreativer-entfaltungsraum-fuer-kinder-6-10-jahre","status":"publish","type":"page","link":"https:\/\/www.l\u00f6wenstarkdurchsleben.at\/?page_id=3985","title":{"rendered":"Stark im Gef\u00fchl"},"content":{"rendered":"\t\t<div data-elementor-type=\"wp-page\" data-elementor-id=\"3985\" class=\"elementor elementor-3985\">\n\t\t\t\t\t\t<section class=\"elementor-section elementor-top-section elementor-element elementor-element-eb2ac57 elementor-section-full_width elementor-section-height-default elementor-section-height-default\" data-id=\"eb2ac57\" data-element_type=\"section\">\n\t\t\t\t\t\t<div class=\"elementor-container elementor-column-gap-default\">\n\t\t\t\t\t<div class=\"elementor-column elementor-col-100 elementor-top-column elementor-element elementor-element-f9bed26\" data-id=\"f9bed26\" data-element_type=\"column\">\n\t\t\t<div class=\"elementor-widget-wrap elementor-element-populated\">\n\t\t\t\t\t\t<div class=\"elementor-element elementor-element-870ef45 elementor-widget elementor-widget-heading\" data-id=\"870ef45\" data-element_type=\"widget\" data-widget_type=\"heading.default\">\n\t\t\t\t<div class=\"elementor-widget-container\">\n\t\t\t<style>\/*! elementor - v3.19.0 - 28-02-2024 *\/\n.elementor-heading-title{padding:0;margin:0;line-height:1}.elementor-widget-heading .elementor-heading-title[class*=elementor-size-]>a{color:inherit;font-size:inherit;line-height:inherit}.elementor-widget-heading .elementor-heading-title.elementor-size-small{font-size:15px}.elementor-widget-heading .elementor-heading-title.elementor-size-medium{font-size:19px}.elementor-widget-heading .elementor-heading-title.elementor-size-large{font-size:29px}.elementor-widget-heading .elementor-heading-title.elementor-size-xl{font-size:39px}.elementor-widget-heading .elementor-heading-title.elementor-size-xxl{font-size:59px}<\/style><h2 class=\"elementor-heading-title elementor-size-default\">Stark im Gef\u00fchl<\/h2>\t\t<\/div>\n\t\t\t\t<\/div>\n\t\t\t\t\t<\/div>\n\t\t<\/div>\n\t\t\t\t\t<\/div>\n\t\t<\/section>\n\t\t\t\t<section class=\"elementor-section elementor-top-section elementor-element elementor-element-8782e6c elementor-section-full_width elementor-section-height-default elementor-section-height-default\" data-id=\"8782e6c\" data-element_type=\"section\">\n\t\t\t\t\t\t<div class=\"elementor-container elementor-column-gap-default\">\n\t\t\t\t\t<div class=\"elementor-column elementor-col-100 elementor-top-column elementor-element elementor-element-b4edf16\" data-id=\"b4edf16\" data-element_type=\"column\">\n\t\t\t<div class=\"elementor-widget-wrap elementor-element-populated\">\n\t\t\t\t\t\t<div class=\"elementor-element elementor-element-a909f41 elementor-widget elementor-widget-heading\" data-id=\"a909f41\" data-element_type=\"widget\" data-widget_type=\"heading.default\">\n\t\t\t\t<div class=\"elementor-widget-container\">\n\t\t\t<h2 class=\"elementor-heading-title elementor-size-default\">Kreativer Gruppenkurs f\u00fcr Kinder (7-10 Jahre)<\/h2>\t\t<\/div>\n\t\t\t\t<\/div>\n\t\t\t\t\t<\/div>\n\t\t<\/div>\n\t\t\t\t\t<\/div>\n\t\t<\/section>\n\t\t\t\t<section class=\"elementor-section elementor-top-section elementor-element elementor-element-6a80c48 elementor-section-full_width elementor-section-height-default elementor-section-height-default\" data-id=\"6a80c48\" data-element_type=\"section\">\n\t\t\t\t\t\t<div class=\"elementor-container elementor-column-gap-default\">\n\t\t\t\t\t<div class=\"elementor-column elementor-col-50 elementor-top-column elementor-element elementor-element-6789feb\" data-id=\"6789feb\" data-element_type=\"column\">\n\t\t\t<div class=\"elementor-widget-wrap elementor-element-populated\">\n\t\t\t\t\t\t<div class=\"elementor-element elementor-element-763b443 elementor-widget__width-initial elementor-widget elementor-widget-image\" data-id=\"763b443\" data-element_type=\"widget\" data-widget_type=\"image.default\">\n\t\t\t\t<div class=\"elementor-widget-container\">\n\t\t\t<style>\/*! elementor - v3.19.0 - 28-02-2024 *\/\n.elementor-widget-image{text-align:center}.elementor-widget-image a{display:inline-block}.elementor-widget-image a img[src$=\".svg\"]{width:48px}.elementor-widget-image img{vertical-align:middle;display:inline-block}<\/style>\t\t\t\t\t\t\t\t\t\t<img fetchpriority=\"high\" decoding=\"async\" width=\"1024\" height=\"1024\" src=\"https:\/\/www.l\u00f6wenstarkdurchsleben.at\/wp-content\/uploads\/2024\/07\/Design-ohne-Titel-1024x1024.png\" class=\"attachment-large size-large wp-image-3039\" alt=\"\" srcset=\"https:\/\/www.l\u00f6wenstarkdurchsleben.at\/wp-content\/uploads\/2024\/07\/Design-ohne-Titel-1024x1024.png 1024w, https:\/\/www.l\u00f6wenstarkdurchsleben.at\/wp-content\/uploads\/2024\/07\/Design-ohne-Titel-300x300.png 300w, https:\/\/www.l\u00f6wenstarkdurchsleben.at\/wp-content\/uploads\/2024\/07\/Design-ohne-Titel-150x150.png 150w, https:\/\/www.l\u00f6wenstarkdurchsleben.at\/wp-content\/uploads\/2024\/07\/Design-ohne-Titel-768x768.png 768w, https:\/\/www.l\u00f6wenstarkdurchsleben.at\/wp-content\/uploads\/2024\/07\/Design-ohne-Titel.png 1080w\" sizes=\"(max-width: 1024px) 100vw, 1024px\" \/>\t\t\t\t\t\t\t\t\t\t\t\t\t<\/div>\n\t\t\t\t<\/div>\n\t\t\t\t\t<\/div>\n\t\t<\/div>\n\t\t\t\t<div class=\"elementor-column elementor-col-50 elementor-top-column elementor-element elementor-element-e95c2fa\" data-id=\"e95c2fa\" data-element_type=\"column\">\n\t\t\t<div class=\"elementor-widget-wrap elementor-element-populated\">\n\t\t\t\t\t\t<div class=\"elementor-element elementor-element-a636fea elementor-widget__width-initial elementor-widget elementor-widget-text-editor\" data-id=\"a636fea\" data-element_type=\"widget\" data-widget_type=\"text-editor.default\">\n\t\t\t\t<div class=\"elementor-widget-container\">\n\t\t\t<style>\/*! elementor - v3.19.0 - 28-02-2024 *\/\n.elementor-widget-text-editor.elementor-drop-cap-view-stacked .elementor-drop-cap{background-color:#69727d;color:#fff}.elementor-widget-text-editor.elementor-drop-cap-view-framed .elementor-drop-cap{color:#69727d;border:3px solid;background-color:transparent}.elementor-widget-text-editor:not(.elementor-drop-cap-view-default) .elementor-drop-cap{margin-top:8px}.elementor-widget-text-editor:not(.elementor-drop-cap-view-default) .elementor-drop-cap-letter{width:1em;height:1em}.elementor-widget-text-editor .elementor-drop-cap{float:left;text-align:center;line-height:1;font-size:50px}.elementor-widget-text-editor .elementor-drop-cap-letter{display:inline-block}<\/style>\t\t\t\t<p><span style=\"text-align: initial;\">\u201eStark im Gef\u00fchl\u201c ist ein kreativer Gruppenkurs, in dem <b>Selbstvertrauen gest\u00e4rkt, Gef\u00fchlsregulation gelernt und soziale Kompetenzen<\/b> erprobt werden &#8211; ganz spielerisch, kreativ und alltagsnah. Diese&nbsp;<\/span><span style=\"text-align: initial;\">drei wichtigen emotionale Grundkompetenzen dienen als Fundament f\u00fcr ein ausgeglichenes, stabiles Leben in der Schule und im Alltag.<\/span><\/p>\n<p>Durch kreativen Ausdruck, Bewegung, Austausch und achtsame \u00dcbungen lernen die Kinder in einer kleinen Gruppe <i>(max. 8 Kinder)<\/i> nicht nur dar\u00fcber zu sprechen, sondern sie wirklich zu erleben und zu verinnerlichen. So entstehen innere St\u00e4rke, Sicherheit und Vertrauen, die Kinder nachhaltig begleiten.<\/p>\n<p>Der Kurs richtet sich an alle Kinder und holt jedes Kind dort ab, wo es gerade steht.<\/p>\t\t\t\t\t\t<\/div>\n\t\t\t\t<\/div>\n\t\t\t\t\t<\/div>\n\t\t<\/div>\n\t\t\t\t\t<\/div>\n\t\t<\/section>\n\t\t\t\t<section class=\"elementor-section elementor-top-section elementor-element elementor-element-7713523 elementor-section-full_width elementor-section-height-default elementor-section-height-default\" data-id=\"7713523\" data-element_type=\"section\">\n\t\t\t\t\t\t<div class=\"elementor-container elementor-column-gap-default\">\n\t\t\t\t\t<div class=\"elementor-column elementor-col-100 elementor-top-column elementor-element elementor-element-985d64f\" data-id=\"985d64f\" data-element_type=\"column\">\n\t\t\t<div class=\"elementor-widget-wrap elementor-element-populated\">\n\t\t\t\t\t\t<div class=\"elementor-element elementor-element-8a37c29 elementor-widget elementor-widget-heading\" data-id=\"8a37c29\" data-element_type=\"widget\" data-widget_type=\"heading.default\">\n\t\t\t\t<div class=\"elementor-widget-container\">\n\t\t\t<h2 class=\"elementor-heading-title elementor-size-default\">Malen, Basteln, Musik, Bewegung und Achtsamkeit<\/h2>\t\t<\/div>\n\t\t\t\t<\/div>\n\t\t\t\t\t<\/div>\n\t\t<\/div>\n\t\t\t\t\t<\/div>\n\t\t<\/section>\n\t\t\t\t<section class=\"elementor-section elementor-top-section elementor-element elementor-element-00f09ba elementor-section-full_width elementor-section-height-default elementor-section-height-default\" data-id=\"00f09ba\" data-element_type=\"section\">\n\t\t\t\t\t\t<div class=\"elementor-container elementor-column-gap-default\">\n\t\t\t\t\t<div class=\"elementor-column elementor-col-50 elementor-top-column elementor-element elementor-element-714cd33\" data-id=\"714cd33\" data-element_type=\"column\">\n\t\t\t<div class=\"elementor-widget-wrap elementor-element-populated\">\n\t\t\t\t\t\t<div class=\"elementor-element elementor-element-2c570e7 elementor-widget__width-initial elementor-widget elementor-widget-text-editor\" data-id=\"2c570e7\" data-element_type=\"widget\" data-widget_type=\"text-editor.default\">\n\t\t\t\t<div class=\"elementor-widget-container\">\n\t\t\t\t\t\t\t<p>Jede Einheit hat einen klaren, verl\u00e4sslichen Rahmen, der Sicherheit gibt.<br \/>Gleichzeitig arbeite ich <b>flexibel und kindzentriert<\/b>:<br \/>Ich orientiere mich an den Themen, die die Kinder aktuell besch\u00e4ftigen und gestalte die Inhalte so passend zu den aktuellen Bed\u00fcrfnissen der Gruppe.<\/p>\t\t\t\t\t\t<\/div>\n\t\t\t\t<\/div>\n\t\t\t\t<div class=\"elementor-element elementor-element-de111b4 elementor-widget elementor-widget-heading\" data-id=\"de111b4\" data-element_type=\"widget\" data-widget_type=\"heading.default\">\n\t\t\t\t<div class=\"elementor-widget-container\">\n\t\t\t<h2 class=\"elementor-heading-title elementor-size-default\">Ein Kurs, der mit den Kindern mitw\u00e4chst.<\/h2>\t\t<\/div>\n\t\t\t\t<\/div>\n\t\t\t\t<div class=\"elementor-element elementor-element-14ac8c5 elementor-widget elementor-widget-text-editor\" data-id=\"14ac8c5\" data-element_type=\"widget\" data-widget_type=\"text-editor.default\">\n\t\t\t\t<div class=\"elementor-widget-container\">\n\t\t\t\t\t\t\t<p><span style=\"text-align: initial;\">\u201eStark im Gef\u00fchl\u201c ist als fortlaufender Kurs in Kursbl\u00f6cken aufgebaut. Jeder Block bringt neue Inhalte, \u00dcbungen und Impulse mit sich und greift gleichzeitig bekannte Elemente wieder auf, um sie zu vertiefen und festigen. Diese bewussten Wiederholungen erm\u00f6glichen es den Kindern, Kompetenzen nachhaltig zu entwickeln und im eigenen Tempo zu verinnerlichen.<\/span><\/p>\t\t\t\t\t\t<\/div>\n\t\t\t\t<\/div>\n\t\t\t\t\t<\/div>\n\t\t<\/div>\n\t\t\t\t<div class=\"elementor-column elementor-col-50 elementor-top-column elementor-element elementor-element-24201eb\" data-id=\"24201eb\" data-element_type=\"column\">\n\t\t\t<div class=\"elementor-widget-wrap elementor-element-populated\">\n\t\t\t\t\t\t<div class=\"elementor-element elementor-element-551214a elementor-widget__width-initial elementor-widget elementor-widget-image\" data-id=\"551214a\" data-element_type=\"widget\" data-widget_type=\"image.default\">\n\t\t\t\t<div class=\"elementor-widget-container\">\n\t\t\t\t\t\t\t\t\t\t\t\t\t<img decoding=\"async\" width=\"1024\" height=\"683\" src=\"https:\/\/www.l\u00f6wenstarkdurchsleben.at\/wp-content\/uploads\/2025\/06\/pencils-3750998_1280-1024x683.jpg\" class=\"attachment-large size-large wp-image-3971\" alt=\"\" srcset=\"https:\/\/www.l\u00f6wenstarkdurchsleben.at\/wp-content\/uploads\/2025\/06\/pencils-3750998_1280-1024x683.jpg 1024w, https:\/\/www.l\u00f6wenstarkdurchsleben.at\/wp-content\/uploads\/2025\/06\/pencils-3750998_1280-300x200.jpg 300w, https:\/\/www.l\u00f6wenstarkdurchsleben.at\/wp-content\/uploads\/2025\/06\/pencils-3750998_1280-768x512.jpg 768w, https:\/\/www.l\u00f6wenstarkdurchsleben.at\/wp-content\/uploads\/2025\/06\/pencils-3750998_1280.jpg 1280w\" sizes=\"(max-width: 1024px) 100vw, 1024px\" \/>\t\t\t\t\t\t\t\t\t\t\t\t\t<\/div>\n\t\t\t\t<\/div>\n\t\t\t\t<div class=\"elementor-element elementor-element-400cd32 elementor-widget__width-initial elementor-widget elementor-widget-image\" data-id=\"400cd32\" data-element_type=\"widget\" data-widget_type=\"image.default\">\n\t\t\t\t<div class=\"elementor-widget-container\">\n\t\t\t\t\t\t\t\t\t\t\t\t\t<img decoding=\"async\" width=\"1024\" height=\"682\" src=\"https:\/\/www.l\u00f6wenstarkdurchsleben.at\/wp-content\/uploads\/2024\/07\/hands-2847508_1280-1024x682.jpg\" class=\"attachment-large size-large wp-image-3136\" alt=\"\" srcset=\"https:\/\/www.l\u00f6wenstarkdurchsleben.at\/wp-content\/uploads\/2024\/07\/hands-2847508_1280-1024x682.jpg 1024w, https:\/\/www.l\u00f6wenstarkdurchsleben.at\/wp-content\/uploads\/2024\/07\/hands-2847508_1280-300x200.jpg 300w, https:\/\/www.l\u00f6wenstarkdurchsleben.at\/wp-content\/uploads\/2024\/07\/hands-2847508_1280-768x512.jpg 768w, https:\/\/www.l\u00f6wenstarkdurchsleben.at\/wp-content\/uploads\/2024\/07\/hands-2847508_1280.jpg 1280w\" sizes=\"(max-width: 1024px) 100vw, 1024px\" \/>\t\t\t\t\t\t\t\t\t\t\t\t\t<\/div>\n\t\t\t\t<\/div>\n\t\t\t\t\t<\/div>\n\t\t<\/div>\n\t\t\t\t\t<\/div>\n\t\t<\/section>\n\t\t\t\t<section class=\"elementor-section elementor-top-section elementor-element elementor-element-e0dd506 elementor-section-full_width elementor-section-height-default elementor-section-height-default\" data-id=\"e0dd506\" data-element_type=\"section\">\n\t\t\t\t\t\t<div class=\"elementor-container elementor-column-gap-default\">\n\t\t\t\t\t<div class=\"elementor-column elementor-col-33 elementor-top-column elementor-element elementor-element-04823e0\" data-id=\"04823e0\" data-element_type=\"column\">\n\t\t\t<div class=\"elementor-widget-wrap elementor-element-populated\">\n\t\t\t\t\t\t<div class=\"elementor-element elementor-element-6a63d39 elementor-view-default elementor-position-top elementor-mobile-position-top elementor-widget elementor-widget-icon-box\" data-id=\"6a63d39\" data-element_type=\"widget\" data-widget_type=\"icon-box.default\">\n\t\t\t\t<div class=\"elementor-widget-container\">\n\t\t\t<link rel=\"stylesheet\" href=\"https:\/\/www.l\u00f6wenstarkdurchsleben.at\/wp-content\/plugins\/elementor\/assets\/css\/widget-icon-box.min.css\">\t\t<div class=\"elementor-icon-box-wrapper\">\n\t\t\t\t\t\t<div class=\"elementor-icon-box-icon\">\n\t\t\t\t<span  class=\"elementor-icon elementor-animation-\">\n\t\t\t\t<i aria-hidden=\"true\" class=\"far fa-calendar-alt\"><\/i>\t\t\t\t<\/span>\n\t\t\t<\/div>\n\t\t\t\t\t\t<div class=\"elementor-icon-box-content\">\n\t\t\t\t<h3 class=\"elementor-icon-box-title\">\n\t\t\t\t\t<span  >\n\t\t\t\t\t\tWann?\t\t\t\t\t<\/span>\n\t\t\t\t<\/h3>\n\t\t\t\t\t\t\t\t\t<p class=\"elementor-icon-box-description\">\n\t\t\t\t\t\timmer donnerstags von 15:30 bis 16:30<br><br><b>Sommersemester 2026 <\/b><br>1. Kursblock: 12.2.\/19.2.\/26.2.\/5.3.<br>2. Kursblock: 9.3.\/16.3.\/23.3.\/30.3\/7.4.<br>3.Kursblock: 21.4.\/28.4\/11.5.\/18.5.\/25.5.\t\t\t\t\t<\/p>\n\t\t\t\t\t\t\t<\/div>\n\t\t<\/div>\n\t\t\t\t<\/div>\n\t\t\t\t<\/div>\n\t\t\t\t\t<\/div>\n\t\t<\/div>\n\t\t\t\t<div class=\"elementor-column elementor-col-33 elementor-top-column elementor-element elementor-element-f7aacfe\" data-id=\"f7aacfe\" data-element_type=\"column\">\n\t\t\t<div class=\"elementor-widget-wrap elementor-element-populated\">\n\t\t\t\t\t\t<div class=\"elementor-element elementor-element-905abc4 elementor-view-default elementor-position-top elementor-mobile-position-top elementor-widget elementor-widget-icon-box\" data-id=\"905abc4\" data-element_type=\"widget\" data-widget_type=\"icon-box.default\">\n\t\t\t\t<div class=\"elementor-widget-container\">\n\t\t\t\t\t<div class=\"elementor-icon-box-wrapper\">\n\t\t\t\t\t\t<div class=\"elementor-icon-box-icon\">\n\t\t\t\t<span  class=\"elementor-icon elementor-animation-\">\n\t\t\t\t<i aria-hidden=\"true\" class=\"fas fa-map-marker-alt\"><\/i>\t\t\t\t<\/span>\n\t\t\t<\/div>\n\t\t\t\t\t\t<div class=\"elementor-icon-box-content\">\n\t\t\t\t<h3 class=\"elementor-icon-box-title\">\n\t\t\t\t\t<span  >\n\t\t\t\t\t\tWo?\t\t\t\t\t<\/span>\n\t\t\t\t<\/h3>\n\t\t\t\t\t\t\t\t\t<p class=\"elementor-icon-box-description\">\n\t\t\t\t\t\tNiembschhof, 2000 Stockerau\t\t\t\t\t<\/p>\n\t\t\t\t\t\t\t<\/div>\n\t\t<\/div>\n\t\t\t\t<\/div>\n\t\t\t\t<\/div>\n\t\t\t\t\t<\/div>\n\t\t<\/div>\n\t\t\t\t<div class=\"elementor-column elementor-col-33 elementor-top-column elementor-element elementor-element-d26aa14\" data-id=\"d26aa14\" data-element_type=\"column\">\n\t\t\t<div class=\"elementor-widget-wrap elementor-element-populated\">\n\t\t\t\t\t\t<div class=\"elementor-element elementor-element-b73af3a elementor-view-default elementor-position-top elementor-mobile-position-top elementor-widget elementor-widget-global elementor-global-4337 elementor-widget-icon-box\" data-id=\"b73af3a\" data-element_type=\"widget\" data-widget_type=\"icon-box.default\">\n\t\t\t\t<div class=\"elementor-widget-container\">\n\t\t\t\t\t<div class=\"elementor-icon-box-wrapper\">\n\t\t\t\t\t\t<div class=\"elementor-icon-box-icon\">\n\t\t\t\t<span  class=\"elementor-icon elementor-animation-\">\n\t\t\t\t<i aria-hidden=\"true\" class=\"fas fa-euro-sign\"><\/i>\t\t\t\t<\/span>\n\t\t\t<\/div>\n\t\t\t\t\t\t<div class=\"elementor-icon-box-content\">\n\t\t\t\t<h3 class=\"elementor-icon-box-title\">\n\t\t\t\t\t<span  >\n\t\t\t\t\t\tPreis\t\t\t\t\t<\/span>\n\t\t\t\t<\/h3>\n\t\t\t\t\t\t\t\t\t<p class=\"elementor-icon-box-description\">\n\t\t\t\t\t\t23,00\u20ac\/Einheit (nur in Kursbl\u00f6cken buchbar)\t\t\t\t\t<\/p>\n\t\t\t\t\t\t\t<\/div>\n\t\t<\/div>\n\t\t\t\t<\/div>\n\t\t\t\t<\/div>\n\t\t\t\t\t<\/div>\n\t\t<\/div>\n\t\t\t\t\t<\/div>\n\t\t<\/section>\n\t\t\t\t<section class=\"elementor-section elementor-top-section elementor-element elementor-element-4ac4eb7 elementor-section-full_width elementor-section-height-default elementor-section-height-default\" data-id=\"4ac4eb7\" data-element_type=\"section\">\n\t\t\t\t\t\t<div class=\"elementor-container elementor-column-gap-default\">\n\t\t\t\t\t<div class=\"elementor-column elementor-col-100 elementor-top-column elementor-element elementor-element-a9d989e\" data-id=\"a9d989e\" data-element_type=\"column\">\n\t\t\t<div class=\"elementor-widget-wrap elementor-element-populated\">\n\t\t\t\t\t\t<div class=\"elementor-element elementor-element-2c1ef3c elementor-widget elementor-widget-heading\" data-id=\"2c1ef3c\" data-element_type=\"widget\" data-widget_type=\"heading.default\">\n\t\t\t\t<div class=\"elementor-widget-container\">\n\t\t\t<h2 class=\"elementor-heading-title elementor-size-default\">Gut zu wissen:<\/h2>\t\t<\/div>\n\t\t\t\t<\/div>\n\t\t\t\t<div class=\"elementor-element elementor-element-35a25f3 elementor-widget elementor-widget-text-editor\" data-id=\"35a25f3\" data-element_type=\"widget\" data-widget_type=\"text-editor.default\">\n\t\t\t\t<div class=\"elementor-widget-container\">\n\t\t\t\t\t\t\t<p>Damit Kinder im Alltag und in der Schule gut zurechtkommen, brauchen sie bestimmte innere F\u00e4higkeiten, sogenannte <b>emotionale Grundkompetenzen<\/b>. Die drei wichtigsten davon, die auch in meinem Gruppenkurs &#8222;Stark im Gef\u00fchl&#8220; gef\u00f6rdert werden, sind:<\/p>\t\t\t\t\t\t<\/div>\n\t\t\t\t<\/div>\n\t\t\t\t<div class=\"elementor-element elementor-element-7fbf362 elementor-widget elementor-widget-heading\" data-id=\"7fbf362\" data-element_type=\"widget\" data-widget_type=\"heading.default\">\n\t\t\t\t<div class=\"elementor-widget-container\">\n\t\t\t<h2 class=\"elementor-heading-title elementor-size-default\">Selbstvertrauen<\/h2>\t\t<\/div>\n\t\t\t\t<\/div>\n\t\t\t\t<div class=\"elementor-element elementor-element-84687ed elementor-widget elementor-widget-text-editor\" data-id=\"84687ed\" data-element_type=\"widget\" data-widget_type=\"text-editor.default\">\n\t\t\t\t<div class=\"elementor-widget-container\">\n\t\t\t\t\t\t\t<p><span style=\"text-align: initial;\"><i>Ich darf so sein, wie ich bin. Ich kann etwas. Ich darf Fehler machen.<\/i><\/span><\/p>\n<p><b>Kinder mit gesundem Selbstvertrauen:<\/b><br>\u2726 trauen sich, Neues auszuprobieren<br>\u2726 gehen mit Fehlern gelassener um<br>\u2726 lassen sich weniger verunsichern<br>\u2726 zeigen mehr Freude am Lernen und am Miteinander<\/p>\n<p>Fehlt dieses Vertrauen, ziehen sich Kinder oft zur\u00fcck, vergleichen sich stark oder reagieren schnell frustriert.<\/p>\n<p><span style=\"text-align: initial;\">Ein stabiles Selbstvertrauen ist die Grundlage daf\u00fcr, dass Kinder sich entwickeln und wachsen k\u00f6nnen.<\/span><br><\/p>\t\t\t\t\t\t<\/div>\n\t\t\t\t<\/div>\n\t\t\t\t<div class=\"elementor-element elementor-element-78910a3 elementor-widget elementor-widget-heading\" data-id=\"78910a3\" data-element_type=\"widget\" data-widget_type=\"heading.default\">\n\t\t\t\t<div class=\"elementor-widget-container\">\n\t\t\t<h2 class=\"elementor-heading-title elementor-size-default\">Gef\u00fchlsregulation<\/h2>\t\t<\/div>\n\t\t\t\t<\/div>\n\t\t\t\t<div class=\"elementor-element elementor-element-b54ba8f elementor-widget elementor-widget-text-editor\" data-id=\"b54ba8f\" data-element_type=\"widget\" data-widget_type=\"text-editor.default\">\n\t\t\t\t<div class=\"elementor-widget-container\">\n\t\t\t\t\t\t\t<p><i>Mit starken Emotionen umgehen lernen<\/i><\/p><p>Kinder erleben Gef\u00fchle oft sehr intensiv. Wut, Traurigkeit, Angst oder \u00dcberforderung k\u00f6nnen sie regelrecht \u00fcberschwemmen.<\/p><p><b>Gef\u00fchlsregulation bedeutet:<br \/><\/b>\u2726 Gef\u00fchle wahrnehmen und verstehen<br \/>\u2726 sie ausdr\u00fccken d\u00fcrfen, ohne sich oder andere zu verletzen<br \/>\u2726 sich selbst wieder beruhigen k\u00f6nnen, wenn es zu viel wird<\/p><p><b>Kinder, die ihre Gef\u00fchle regulieren lernen\u00a0<\/b>sind ausgeglichener, k\u00f6nnen sich besser konzentrieren, reagieren weniger impulsiv &amp; f\u00fchlen sich innerlich sicherer.<\/p><p>Gef\u00fchle sind nicht das Problem, nur fehlende Strategien im Umgang damit.<\/p>\t\t\t\t\t\t<\/div>\n\t\t\t\t<\/div>\n\t\t\t\t<div class=\"elementor-element elementor-element-8f929d1 elementor-widget elementor-widget-heading\" data-id=\"8f929d1\" data-element_type=\"widget\" data-widget_type=\"heading.default\">\n\t\t\t\t<div class=\"elementor-widget-container\">\n\t\t\t<h2 class=\"elementor-heading-title elementor-size-default\">Soziale Kompetenz<\/h2>\t\t<\/div>\n\t\t\t\t<\/div>\n\t\t\t\t<div class=\"elementor-element elementor-element-ba7732e elementor-widget elementor-widget-text-editor\" data-id=\"ba7732e\" data-element_type=\"widget\" data-widget_type=\"text-editor.default\">\n\t\t\t\t<div class=\"elementor-widget-container\">\n\t\t\t\t\t\t\t<p><em>Sicher im Miteinander sein<\/em><\/p><p>Soziale Kompetenz entwickelt sich nicht von selbst, sondern durch Erfahrung, Begleitung und \u00dcbung.<\/p><p><b>Dazu geh\u00f6rt:<\/b><br \/>\u2726 Grenzen wahrnehmen &amp; setzen<br \/>\u2726 Grenzen anderer respektieren<br \/>\u2726 Konflikte l\u00f6sen lernen<br \/>\u2726 sich in Gruppen zurechtfinden<br \/>\u2726 sich zeigen, ohne sich zu verlieren<\/p><p><b>Kinder mit guten sozialen F\u00e4higkeiten\u00a0<\/b>f\u00fchlen sich in Gruppen sicherer, erleben weniger Konflikte &amp; k\u00f6nnen Beziehungen stabiler gestalten.<\/p><p><span style=\"text-align: initial;\">Soziale Kompetenz st\u00e4rkt nicht nur Freundschaften, sondern auch das emotionale Wohlbefinden.<\/span><\/p>\t\t\t\t\t\t<\/div>\n\t\t\t\t<\/div>\n\t\t\t\t\t<\/div>\n\t\t<\/div>\n\t\t\t\t\t<\/div>\n\t\t<\/section>\n\t\t\t\t<\/div>\n\t\t","protected":false},"excerpt":{"rendered":"<p>Stark im Gef\u00fchl Kreativer Gruppenkurs f\u00fcr Kinder (7-10 Jahre) \u201eStark im Gef\u00fchl\u201c ist ein kreativer Gruppenkurs, in dem Selbstvertrauen gest\u00e4rkt, Gef\u00fchlsregulation gelernt und soziale Kompetenzen erprobt werden &#8211; ganz spielerisch, kreativ und alltagsnah. Diese&nbsp;drei wichtigen emotionale Grundkompetenzen dienen als Fundament f\u00fcr ein ausgeglichenes, stabiles Leben in der Schule und im Alltag. Durch kreativen Ausdruck, Bewegung, [&hellip;]<\/p>\n","protected":false},"author":2,"featured_media":0,"parent":0,"menu_order":0,"comment_status":"closed","ping_status":"closed","template":"","meta":{"footnotes":""},"class_list":["post-3985","page","type-page","status-publish","hentry"],"yoast_head":"<!-- This site is optimized with the Yoast SEO plugin v25.2 - https:\/\/yoast.com\/wordpress\/plugins\/seo\/ -->\n<title>Stark im Gef\u00fchl - L\u00f6wenstark durch&#039;s Leben<\/title>\n<meta name=\"description\" content=\"Semesterkurs f\u00fcr Kinder von 6-10 Jahren zur St\u00e4rkung von Selbstvertrauen und Einzigartigkeit durch kreativen &amp; musikalischen Ausdruck, Meditationen, Achtsamkeit &amp; K\u00f6rperwahrnehmung.\" \/>\n<meta name=\"robots\" content=\"index, follow, max-snippet:-1, max-image-preview:large, max-video-preview:-1\" \/>\n<link rel=\"canonical\" href=\"https:\/\/www.l\u00f6wenstarkdurchsleben.at\/?page_id=3985\" \/>\n<meta property=\"og:locale\" content=\"de_DE\" \/>\n<meta property=\"og:type\" content=\"article\" \/>\n<meta property=\"og:title\" content=\"Stark im Gef\u00fchl - L\u00f6wenstark durch&#039;s Leben\" \/>\n<meta property=\"og:description\" content=\"Semesterkurs f\u00fcr Kinder von 6-10 Jahren zur St\u00e4rkung von Selbstvertrauen und Einzigartigkeit durch kreativen &amp; musikalischen Ausdruck, Meditationen, Achtsamkeit &amp; K\u00f6rperwahrnehmung.\" \/>\n<meta property=\"og:url\" content=\"https:\/\/www.l\u00f6wenstarkdurchsleben.at\/?page_id=3985\" \/>\n<meta property=\"og:site_name\" content=\"L\u00f6wenstark durch&#039;s Leben\" \/>\n<meta property=\"article:modified_time\" content=\"2026-01-06T12:17:11+00:00\" \/>\n<meta name=\"twitter:card\" content=\"summary_large_image\" \/>\n<meta name=\"twitter:label1\" content=\"Gesch\u00e4tzte Lesezeit\" \/>\n\t<meta name=\"twitter:data1\" content=\"4\u00a0Minuten\" \/>\n<script type=\"application\/ld+json\" class=\"yoast-schema-graph\">{\"@context\":\"https:\/\/schema.org\",\"@graph\":[{\"@type\":\"WebPage\",\"@id\":\"https:\/\/www.l\u00f6wenstarkdurchsleben.at\/?page_id=3985\",\"url\":\"https:\/\/www.l\u00f6wenstarkdurchsleben.at\/?page_id=3985\",\"name\":\"Stark im Gef\u00fchl - L\u00f6wenstark durch&#039;s Leben\",\"isPartOf\":{\"@id\":\"https:\/\/www.l\u00f6wenstarkdurchsleben.at\/#website\"},\"datePublished\":\"2025-08-11T14:55:20+00:00\",\"dateModified\":\"2026-01-06T12:17:11+00:00\",\"description\":\"Semesterkurs f\u00fcr Kinder von 6-10 Jahren zur St\u00e4rkung von Selbstvertrauen und Einzigartigkeit durch kreativen & musikalischen Ausdruck, Meditationen, Achtsamkeit & K\u00f6rperwahrnehmung.\",\"breadcrumb\":{\"@id\":\"https:\/\/www.l\u00f6wenstarkdurchsleben.at\/?page_id=3985#breadcrumb\"},\"inLanguage\":\"de\",\"potentialAction\":[{\"@type\":\"ReadAction\",\"target\":[\"https:\/\/www.l\u00f6wenstarkdurchsleben.at\/?page_id=3985\"]}]},{\"@type\":\"BreadcrumbList\",\"@id\":\"https:\/\/www.l\u00f6wenstarkdurchsleben.at\/?page_id=3985#breadcrumb\",\"itemListElement\":[{\"@type\":\"ListItem\",\"position\":1,\"name\":\"Startseite\",\"item\":\"https:\/\/www.l\u00f6wenstarkdurchsleben.at\/\"},{\"@type\":\"ListItem\",\"position\":2,\"name\":\"Stark im Gef\u00fchl\"}]},{\"@type\":\"WebSite\",\"@id\":\"https:\/\/www.l\u00f6wenstarkdurchsleben.at\/#website\",\"url\":\"https:\/\/www.l\u00f6wenstarkdurchsleben.at\/\",\"name\":\"L\u00f6wenstark durchs Leben\",\"description\":\"Julia Weigmann\",\"publisher\":{\"@id\":\"https:\/\/www.l\u00f6wenstarkdurchsleben.at\/#\/schema\/person\/ce480c8fd6e981338421475e7a3509ab\"},\"potentialAction\":[{\"@type\":\"SearchAction\",\"target\":{\"@type\":\"EntryPoint\",\"urlTemplate\":\"https:\/\/www.l\u00f6wenstarkdurchsleben.at\/?s={search_term_string}\"},\"query-input\":{\"@type\":\"PropertyValueSpecification\",\"valueRequired\":true,\"valueName\":\"search_term_string\"}}],\"inLanguage\":\"de\"},{\"@type\":[\"Person\",\"Organization\"],\"@id\":\"https:\/\/www.l\u00f6wenstarkdurchsleben.at\/#\/schema\/person\/ce480c8fd6e981338421475e7a3509ab\",\"name\":\"drajul\",\"image\":{\"@type\":\"ImageObject\",\"inLanguage\":\"de\",\"@id\":\"https:\/\/www.l\u00f6wenstarkdurchsleben.at\/#\/schema\/person\/image\/\",\"url\":\"https:\/\/xn--lwenstarkdurchsleben-39b.at\/wp-content\/uploads\/2021\/10\/Screenshot_20210805-082837_Chrome-Photoroom.png-Photoroom.png\",\"contentUrl\":\"https:\/\/xn--lwenstarkdurchsleben-39b.at\/wp-content\/uploads\/2021\/10\/Screenshot_20210805-082837_Chrome-Photoroom.png-Photoroom.png\",\"width\":1080,\"height\":1153,\"caption\":\"drajul\"},\"logo\":{\"@id\":\"https:\/\/www.l\u00f6wenstarkdurchsleben.at\/#\/schema\/person\/image\/\"}}]}<\/script>\n<!-- \/ Yoast SEO plugin. -->","yoast_head_json":{"title":"Stark im Gef\u00fchl - L\u00f6wenstark durch&#039;s Leben","description":"Semesterkurs f\u00fcr Kinder von 6-10 Jahren zur St\u00e4rkung von Selbstvertrauen und Einzigartigkeit durch kreativen & musikalischen Ausdruck, Meditationen, Achtsamkeit & K\u00f6rperwahrnehmung.","robots":{"index":"index","follow":"follow","max-snippet":"max-snippet:-1","max-image-preview":"max-image-preview:large","max-video-preview":"max-video-preview:-1"},"canonical":"https:\/\/www.l\u00f6wenstarkdurchsleben.at\/?page_id=3985","og_locale":"de_DE","og_type":"article","og_title":"Stark im Gef\u00fchl - L\u00f6wenstark durch&#039;s Leben","og_description":"Semesterkurs f\u00fcr Kinder von 6-10 Jahren zur St\u00e4rkung von Selbstvertrauen und Einzigartigkeit durch kreativen & musikalischen Ausdruck, Meditationen, Achtsamkeit & K\u00f6rperwahrnehmung.","og_url":"https:\/\/www.l\u00f6wenstarkdurchsleben.at\/?page_id=3985","og_site_name":"L\u00f6wenstark durch&#039;s Leben","article_modified_time":"2026-01-06T12:17:11+00:00","twitter_card":"summary_large_image","twitter_misc":{"Gesch\u00e4tzte Lesezeit":"4\u00a0Minuten"},"schema":{"@context":"https:\/\/schema.org","@graph":[{"@type":"WebPage","@id":"https:\/\/www.l\u00f6wenstarkdurchsleben.at\/?page_id=3985","url":"https:\/\/www.l\u00f6wenstarkdurchsleben.at\/?page_id=3985","name":"Stark im Gef\u00fchl - L\u00f6wenstark durch&#039;s Leben","isPartOf":{"@id":"https:\/\/www.l\u00f6wenstarkdurchsleben.at\/#website"},"datePublished":"2025-08-11T14:55:20+00:00","dateModified":"2026-01-06T12:17:11+00:00","description":"Semesterkurs f\u00fcr Kinder von 6-10 Jahren zur St\u00e4rkung von Selbstvertrauen und Einzigartigkeit durch kreativen & musikalischen Ausdruck, Meditationen, Achtsamkeit & K\u00f6rperwahrnehmung.","breadcrumb":{"@id":"https:\/\/www.l\u00f6wenstarkdurchsleben.at\/?page_id=3985#breadcrumb"},"inLanguage":"de","potentialAction":[{"@type":"ReadAction","target":["https:\/\/www.l\u00f6wenstarkdurchsleben.at\/?page_id=3985"]}]},{"@type":"BreadcrumbList","@id":"https:\/\/www.l\u00f6wenstarkdurchsleben.at\/?page_id=3985#breadcrumb","itemListElement":[{"@type":"ListItem","position":1,"name":"Startseite","item":"https:\/\/www.l\u00f6wenstarkdurchsleben.at\/"},{"@type":"ListItem","position":2,"name":"Stark im Gef\u00fchl"}]},{"@type":"WebSite","@id":"https:\/\/www.l\u00f6wenstarkdurchsleben.at\/#website","url":"https:\/\/www.l\u00f6wenstarkdurchsleben.at\/","name":"L\u00f6wenstark durchs Leben","description":"Julia Weigmann","publisher":{"@id":"https:\/\/www.l\u00f6wenstarkdurchsleben.at\/#\/schema\/person\/ce480c8fd6e981338421475e7a3509ab"},"potentialAction":[{"@type":"SearchAction","target":{"@type":"EntryPoint","urlTemplate":"https:\/\/www.l\u00f6wenstarkdurchsleben.at\/?s={search_term_string}"},"query-input":{"@type":"PropertyValueSpecification","valueRequired":true,"valueName":"search_term_string"}}],"inLanguage":"de"},{"@type":["Person","Organization"],"@id":"https:\/\/www.l\u00f6wenstarkdurchsleben.at\/#\/schema\/person\/ce480c8fd6e981338421475e7a3509ab","name":"drajul","image":{"@type":"ImageObject","inLanguage":"de","@id":"https:\/\/www.l\u00f6wenstarkdurchsleben.at\/#\/schema\/person\/image\/","url":"https:\/\/xn--lwenstarkdurchsleben-39b.at\/wp-content\/uploads\/2021\/10\/Screenshot_20210805-082837_Chrome-Photoroom.png-Photoroom.png","contentUrl":"https:\/\/xn--lwenstarkdurchsleben-39b.at\/wp-content\/uploads\/2021\/10\/Screenshot_20210805-082837_Chrome-Photoroom.png-Photoroom.png","width":1080,"height":1153,"caption":"drajul"},"logo":{"@id":"https:\/\/www.l\u00f6wenstarkdurchsleben.at\/#\/schema\/person\/image\/"}}]}},"_links":{"self":[{"href":"https:\/\/www.l\u00f6wenstarkdurchsleben.at\/index.php?rest_route=\/wp\/v2\/pages\/3985","targetHints":{"allow":["GET"]}}],"collection":[{"href":"https:\/\/www.l\u00f6wenstarkdurchsleben.at\/index.php?rest_route=\/wp\/v2\/pages"}],"about":[{"href":"https:\/\/www.l\u00f6wenstarkdurchsleben.at\/index.php?rest_route=\/wp\/v2\/types\/page"}],"author":[{"embeddable":true,"href":"https:\/\/www.l\u00f6wenstarkdurchsleben.at\/index.php?rest_route=\/wp\/v2\/users\/2"}],"replies":[{"embeddable":true,"href":"https:\/\/www.l\u00f6wenstarkdurchsleben.at\/index.php?rest_route=%2Fwp%2Fv2%2Fcomments&post=3985"}],"version-history":[{"count":125,"href":"https:\/\/www.l\u00f6wenstarkdurchsleben.at\/index.php?rest_route=\/wp\/v2\/pages\/3985\/revisions"}],"predecessor-version":[{"id":4458,"href":"https:\/\/www.l\u00f6wenstarkdurchsleben.at\/index.php?rest_route=\/wp\/v2\/pages\/3985\/revisions\/4458"}],"wp:attachment":[{"href":"https:\/\/www.l\u00f6wenstarkdurchsleben.at\/index.php?rest_route=%2Fwp%2Fv2%2Fmedia&parent=3985"}],"curies":[{"name":"wp","href":"https:\/\/api.w.org\/{rel}","templated":true}]}}